{"id":9190,"date":"2021-09-01T18:46:35","date_gmt":"2021-09-01T18:46:35","guid":{"rendered":"https:\/\/calftel.com\/product\/%series%\/16-44-paneles-de-maternidad\/"},"modified":"2021-10-18T12:48:09","modified_gmt":"2021-10-18T12:48:09","slug":"16-44-paneles-de-maternidad","status":"publish","type":"product","link":"https:\/\/calftel.com\/es\/product\/serie-i-es\/16-44-paneles-de-maternidad\/","title":{"rendered":"16 | 44 (Paneles de Maternidad)"},"content":{"rendered":"\n<div class=\"wp-block-cover alignfull has-background-dim-40 has-background-dim pattern-hero-product gt-remove-margin-top\"><img loading=\"lazy\" decoding=\"async\" width=\"2000\" height=\"600\" class=\"wp-block-cover__image-background wp-image-6767\" alt=\"\" src=\"https:\/\/calftel.com\/wp-content\/uploads\/2021\/03\/Maternity-Pen-Hero.jpg\" style=\"object-position:62% 52%\" data-object-fit=\"cover\" data-object-position=\"62% 52%\" srcset=\"https:\/\/calftel.com\/wp-content\/uploads\/2021\/03\/Maternity-Pen-Hero.jpg 2000w, https:\/\/calftel.com\/wp-content\/uploads\/2021\/03\/Maternity-Pen-Hero-300x90.jpg 300w, https:\/\/calftel.com\/wp-content\/uploads\/2021\/03\/Maternity-Pen-Hero-1024x307.jpg 1024w, https:\/\/calftel.com\/wp-content\/uploads\/2021\/03\/Maternity-Pen-Hero-768x230.jpg 768w, https:\/\/calftel.com\/wp-content\/uploads\/2021\/03\/Maternity-Pen-Hero-1536x461.jpg 1536w\" sizes=\"auto, (max-width: 2000px) 100vw, 2000px\" \/><div class=\"wp-block-cover__inner-container is-layout-flow wp-block-cover-is-layout-flow\">\n<p class=\"has-text-align-center hero-product-series gt-remove-margin-bottom\"><strong>Serie I<\/strong><\/p>\n\n\n\n<h1 class=\"alignwide has-text-align-center hero-product-name gt-remove-margin-top gt-remove-margin-bottom wp-block-heading\">16 | 44 (Paneles de Maternidad)<\/h1>\n\n\n\n<p class=\"has-text-align-center hero-product-tagline gt-remove-margin-top\"><\/p>\n<\/div><\/div>\n\n<div class=\"wp-block-columns alignwide pattern-product-intro is-layout-flex wp-container-core-columns-is-layout-9d6595d7 wp-block-columns-is-layout-flex\">\n<div class=\"wp-block-column is-vertically-aligned-center is-layout-flow wp-block-column-is-layout-flow\" style=\"flex-basis:40%\">\n<h5 class=\"wp-block-heading\">La peque\u00f1a soluci\u00f3n que permite un gran ahorro de costos.<\/h5>\n\n\n\n<p>Con s\u00f3lo 4.5&#8242; (135 cm) de longitud y completamente ajustable, los paneles de maternidad de Calf-Tel ocupan menos espacio que los corrales para becerros de tama\u00f1o completo, proporcionando una mayor flexibilidad y ahorro de costos para el manejo de becerros a corto plazo.<\/p>\n\n\n\n<ul class=\"wp-block-list\"><li>Su reducido tama\u00f1o es ideal para la cr\u00eda de becerros a corto plazo<\/li><li>Sistema de paneles Calf-Tel y accesorios compatibles<\/li><li>Steel-reinforced door frame\u2014the only one of its kind<\/li><li>F\u00e1cil de instalar, configurar y ampliar por una sola persona<\/li><li>Disponible con paneles laterales s\u00f3lidos o con forma de ventana (ver en la imagen)<\/li><li>Disponible con paneles posteriores AirMax (en la imagen) o paneles est\u00e1ndar<\/li><li>Disponible con paneles frontales y posteriores compactos o est\u00e1ndar Breezeway<\/li><li>Los paneles se pueden conectar entre s\u00ed por la parte posterior y por la parte lateral, para que se adapten f\u00e1cilmente a su instalaci\u00f3n. Los paneles AirMax no pueden utilizarse en configuraci\u00f3n con conexi\u00f3n posterior<\/li><\/ul>\n\n\n<div id=accessories-associated-listing-block_6074ebbb6e6ae class=\"block-product-docs alignwide\">\n                        <ul class=\"doc-listing\">\n                                    <li class=\"doc-item\">\n                        <a href=\"https:\/\/calftel.com\/wp-content\/uploads\/2021\/04\/Calf-Tel_Calf_Housing_Cleaning_Guide_FINAL.pdf\" target=\"_blank\">\n                            <!--                                 How-To Guide\n                             -->\n                            Calf Hutch &#038; Pen Cleaning Guide                        <\/a>\n                    <\/li>\n                                    <li class=\"doc-item\">\n                        <a href=\"https:\/\/calftel.com\/wp-content\/uploads\/2021\/04\/CT-6190-Pen-Hay-Feeder-2.pdf\" target=\"_blank\">\n                            <!--                                 Assembly Instructions\n                             -->\n                            Pen Hay Feeder Assembly Instructions                        <\/a>\n                    <\/li>\n                                <\/ul>\n            <\/div>\n\n\n<div class=\"wp-block-buttons is-layout-flex wp-block-buttons-is-layout-flex\">\n<div class=\"wp-block-button is-style-outline is-style-outline--1\"><a class=\"wp-block-button__link\" href=\"https:\/\/calf-tel.box.com\/s\/acig7cbtozzzqmhlgj1qpgwvs6io9kus\">Ver 16|44 Informaci\u00f3n del producto en PDF<\/a><\/div>\n<\/div>\n\n\n\n<div class=\"wp-block-buttons is-layout-flex wp-block-buttons-is-layout-flex\">\n<div class=\"wp-block-button is-style-fill\"><a class=\"wp-block-button__link has-very-dark-gray-color has-very-light-gray-background-color has-text-color has-background\" href=\"https:\/\/calftel.com\/es\/accessories\/\">Tienda de Accesorios<\/a><\/div>\n\n\n\n<div class=\"wp-block-button is-style-secondary-fill\"><a class=\"wp-block-button__link\" href=\"\/personalizador\">Personalizaci\u00f3n de productos<\/a><\/div>\n<\/div>\n<\/div>\n\n\n\n<div class=\"wp-block-column is-vertically-aligned-center is-layout-flow wp-block-column-is-layout-flow\">\n<div class=\"wp-block-columns is-layout-flex wp-container-core-columns-is-layout-9d6595d7 wp-block-columns-is-layout-flex\">\n<div class=\"wp-block-column is-layout-flow wp-block-column-is-layout-flow\" style=\"flex-basis:100%\">\n<figure class=\"wp-block-image size-large is-style-zoom\"><img decoding=\"async\" src=\"https:\/\/calftel.com\/wp-content\/uploads\/2021\/03\/16_44-Window_Open.png\" alt=\"\"\/><figcaption><strong>16|44 Naming Defined:<\/strong><br\/><strong>1.6 Interior Square Meters | 4\u2019x4\u2032 Exterior Footprint<\/strong><\/figcaption><\/figure>\n<\/div>\n<\/div>\n<\/div>\n<\/div>\n\n<figure class=\"wp-block-embed alignwide is-type-video is-provider-youtube wp-block-embed-youtube wp-embed-aspect-16-9 wp-has-aspect-ratio\"><div class=\"wp-block-embed__wrapper\">\n<iframe loading=\"lazy\" title=\"Calf Tel College Part 7  Pen System\" width=\"640\" height=\"360\" src=\"https:\/\/www.youtube.com\/embed\/PszPDaZTRps?feature=oembed\" frameborder=\"0\" allow=\"accelerometer; autoplay; clipboard-write; encrypted-media; gyroscope; picture-in-picture; web-share\" referrerpolicy=\"strict-origin-when-cross-origin\" allowfullscreen><\/iframe>\n<\/div><\/figure>\n\n<div class=\"wp-block-blockgallery-masonry alignwide\"><div class=\"blockgallery has-caption-style-dark has-gutter\"><ul class=\"has-grid-xlrg has-gutter-15 has-gutter-mobile-15\"><li class=\"blockgallery--item\"><figure class=\"blockgallery--figure\"><img loading=\"lazy\" decoding=\"async\" width=\"1024\" height=\"768\" src=\"https:\/\/calftel.com\/wp-content\/uploads\/2021\/03\/Maternity-Pen-Calf.jpg\" alt=\"\" data-id=\"6755\" data-link=\"https:\/\/calftel.com\/product\/i-series\/16-44\/maternity-pen-calf\/\" class=\"wp-image-6760\" srcset=\"https:\/\/calftel.com\/wp-content\/uploads\/2021\/03\/Maternity-Pen-Calf.jpg 1024w, https:\/\/calftel.com\/wp-content\/uploads\/2021\/03\/Maternity-Pen-Calf-300x225.jpg 300w, https:\/\/calftel.com\/wp-content\/uploads\/2021\/03\/Maternity-Pen-Calf-768x576.jpg 768w\" sizes=\"auto, (max-width: 1024px) 100vw, 1024px\" \/><\/figure><\/li><li class=\"blockgallery--item\"><figure class=\"blockgallery--figure\"><img loading=\"lazy\" decoding=\"async\" width=\"1024\" height=\"768\" src=\"https:\/\/calftel.com\/wp-content\/uploads\/2021\/03\/Maternity-Pen-Row.jpg\" alt=\"\" data-id=\"6768\" data-link=\"https:\/\/calftel.com\/product\/i-series\/16-44\/maternity-pen-row\/\" class=\"wp-image-6773\" srcset=\"https:\/\/calftel.com\/wp-content\/uploads\/2021\/03\/Maternity-Pen-Row.jpg 1024w, https:\/\/calftel.com\/wp-content\/uploads\/2021\/03\/Maternity-Pen-Row-300x225.jpg 300w, https:\/\/calftel.com\/wp-content\/uploads\/2021\/03\/Maternity-Pen-Row-768x576.jpg 768w\" sizes=\"auto, (max-width: 1024px) 100vw, 1024px\" \/><\/figure><\/li><\/ul><\/div><\/div>\n\n<div class=\"wp-block-group alignfull product-specifications\"><div class=\"wp-block-group__inner-container is-layout-flow wp-block-group-is-layout-flow\">\n<div class=\"wp-block-columns alignwide is-layout-flex wp-container-core-columns-is-layout-9d6595d7 wp-block-columns-is-layout-flex\">\n<div class=\"wp-block-column is-vertically-aligned-center is-layout-flow wp-block-column-is-layout-flow\" style=\"flex-basis:40%\">\n<figure class=\"wp-block-image size-large is-resized is-style-zoom\"><img loading=\"lazy\" decoding=\"async\" src=\"https:\/\/calftel.com\/wp-content\/uploads\/2021\/03\/16_44-dimensions.png\" alt=\"\" class=\"wp-image-3144\" width=\"551\" height=\"424\" srcset=\"https:\/\/calftel.com\/wp-content\/uploads\/2021\/03\/16_44-dimensions-300x232.png 300w, https:\/\/calftel.com\/wp-content\/uploads\/2021\/03\/16_44-dimensions-768x593.png 768w\" sizes=\"auto, (max-width: 551px) 100vw, 551px\" \/><\/figure>\n<\/div>\n\n\n\n<div class=\"wp-block-column is-vertically-aligned-center is-layout-flow wp-block-column-is-layout-flow\">\n<h2 class=\"wp-block-heading\">Especificaciones<\/h2>\n\n\n\n<figure class=\"wp-block-table is-style-regular\"><table><thead><tr><th class=\"has-text-align-left\" data-align=\"left\">Peso<\/th><th><\/th><\/tr><\/thead><tbody><tr><td class=\"has-text-align-left\" data-align=\"left\"><strong>Panel Frontal<\/strong><\/td><td>24 lbs.<br\/>11 kg.<\/td><\/tr><tr><td class=\"has-text-align-left\" data-align=\"left\"><strong>Panel Posterior &#8211; est\u00e1ndar<\/strong><\/td><td>19 lbs.<br\/>9 kg.<\/td><\/tr><tr><td class=\"has-text-align-left\" data-align=\"left\"><strong>Panel posterior &#8211; AirMax<\/strong><\/td><td>21 lbs.<br\/>10 kg.<\/td><\/tr><tr><td class=\"has-text-align-left\" data-align=\"left\"><strong>4.5&#8242; Panel lateral *<\/strong><\/td><td>26 lbs.<br\/>12 kg.<\/td><\/tr><tr><td class=\"has-text-align-left\" data-align=\"left\"><strong>Conjunto de accesorios **<\/strong><\/td><td>11 lbs.<br\/>5 kg.<\/td><\/tr><\/tbody><\/table><figcaption>* Varillas en L incluidas en los paneles laterales<br\/>** El conjunto de accesorios incluye: asa (y tornillos), dos soportes para cubeta, dos cubetas (a elegir entre blanco o negro) y un separador paneles.<\/figcaption><\/figure>\n\n\n\n<figure class=\"wp-block-table\"><table><thead><tr><th class=\"has-text-align-left\" data-align=\"left\">Medidas<\/th><th><\/th><\/tr><\/thead><tbody><tr><td class=\"has-text-align-left\" data-align=\"left\"><strong>Ancho<\/strong><\/td><td>4&#8242;<br\/>122 cm<\/td><\/tr><tr><td class=\"has-text-align-left\" data-align=\"left\"><strong>Longitud Disponible<\/strong><\/td><td>4.5&#8242;<br\/>135cm<\/td><\/tr><tr><td class=\"has-text-align-left\" data-align=\"left\"><strong>Alto<\/strong><\/td><td>3.75&#8242;<br\/>114cm<\/td><\/tr><\/tbody><\/table><\/figure>\n<\/div>\n<\/div>\n<\/div><\/div>\n<div id=features-listing-block_60707e5dfbb9c class=\"block-features-listing alignfull\">\n    <div class=\"header\">\n        \n\n<h2 class=\"card-heading wp-block-heading\">Caracter\u00edsticas y ventajas<\/h2>\n\n\n    <\/div>\n\n                        <div class=\"features-list\">\n                                    <div class=\"features-row\">\n                        <div class=\"thumbnail\"><img loading=\"lazy\" decoding=\"async\" width=\"640\" height=\"480\" src=\"https:\/\/calftel.com\/wp-content\/uploads\/2021\/06\/Feed-Divider-2.png\" class=\"attachment-large size-large wp-post-image\" alt=\"\" srcset=\"https:\/\/calftel.com\/wp-content\/uploads\/2021\/06\/Feed-Divider-2.png 800w, https:\/\/calftel.com\/wp-content\/uploads\/2021\/06\/Feed-Divider-2-300x225.png 300w, https:\/\/calftel.com\/wp-content\/uploads\/2021\/06\/Feed-Divider-2-768x576.png 768w\" sizes=\"auto, (max-width: 640px) 100vw, 640px\" \/><\/div>\n                        <div class=\"content\">\n                            <!-- <h3>Paneles divisores de alimentaci\u00f3n opcionales<\/h3> -->\n                            <div class=\"excerpt\"><!-- wp:heading {\"level\":3,\"translatedWithWPMLTM\":\"1\"} -->\n<h3>Divisor de alimentaci\u00f3n opcional<\/h3>\n<!-- \/wp:heading --><!-- wp:paragraph {\"translatedWithWPMLTM\":\"1\"} -->\n<p>Proporciona una mayor versatilidad y precisi\u00f3n para garantizar una salud \u00f3ptima de los becerros.<\/p>\n<!-- \/wp:paragraph --><\/div>\n                        <\/div>\n                    <\/div>\n                                    <div class=\"features-row\">\n                        <div class=\"thumbnail\"><img loading=\"lazy\" decoding=\"async\" width=\"640\" height=\"480\" src=\"https:\/\/calftel.com\/wp-content\/uploads\/2021\/06\/Standard-Pen-Divider.png\" class=\"attachment-large size-large wp-post-image\" alt=\"\" srcset=\"https:\/\/calftel.com\/wp-content\/uploads\/2021\/06\/Standard-Pen-Divider.png 800w, https:\/\/calftel.com\/wp-content\/uploads\/2021\/06\/Standard-Pen-Divider-300x225.png 300w, https:\/\/calftel.com\/wp-content\/uploads\/2021\/06\/Standard-Pen-Divider-768x576.png 768w\" sizes=\"auto, (max-width: 640px) 100vw, 640px\" \/><\/div>\n                        <div class=\"content\">\n                            <!-- <h3>Separador de paneles est\u00e1ndar<\/h3> -->\n                            <div class=\"excerpt\"><!-- wp:heading {\"level\":3,\"translatedWithWPMLTM\":\"1\"} -->\n<h3>Separador de paneles est\u00e1ndar<\/h3>\n<!-- \/wp:heading --><!-- wp:paragraph {\"translatedWithWPMLTM\":\"1\"} -->\n<p>Resistente y f\u00e1cil de instalar, viene de serie con todos los kits para paneles El divisor de paneles separa los paneles de becerros y evita el contacto entre ellos.<\/p>\n<!-- \/wp:paragraph --><\/div>\n                        <\/div>\n                    <\/div>\n                                    <div class=\"features-row\">\n                        <div class=\"thumbnail\"><img loading=\"lazy\" decoding=\"async\" width=\"640\" height=\"480\" src=\"https:\/\/calftel.com\/wp-content\/uploads\/2021\/06\/Rear-Ventilation.png\" class=\"attachment-large size-large wp-post-image\" alt=\"\" srcset=\"https:\/\/calftel.com\/wp-content\/uploads\/2021\/06\/Rear-Ventilation.png 800w, https:\/\/calftel.com\/wp-content\/uploads\/2021\/06\/Rear-Ventilation-300x225.png 300w, https:\/\/calftel.com\/wp-content\/uploads\/2021\/06\/Rear-Ventilation-768x576.png 768w\" sizes=\"auto, (max-width: 640px) 100vw, 640px\" \/><\/div>\n                        <div class=\"content\">\n                            <!-- <h3>Paneles posteriores AirMax<\/h3> -->\n                            <div class=\"excerpt\"><!-- wp:heading {\"level\":3,\"translatedWithWPMLTM\":\"1\"} -->\n<h3>Paneles posteriores AirMax<\/h3>\n<!-- \/wp:heading --><!-- wp:paragraph {\"translatedWithWPMLTM\":\"1\"} -->\n<p>Ayuda a crear un microambiente ideal para optimizar la salud de los becerros. El panel posterior AirMax viene con una cubierta para regular el flujo de aire adicional.<\/p>\n<!-- \/wp:paragraph --><\/div>\n                        <\/div>\n                    <\/div>\n                                    <div class=\"features-row\">\n                        <div class=\"thumbnail\"><img loading=\"lazy\" decoding=\"async\" width=\"640\" height=\"426\" src=\"https:\/\/calftel.com\/wp-content\/uploads\/2021\/05\/Feature_vents_opt.jpg\" class=\"attachment-large size-large wp-post-image\" alt=\"\" srcset=\"https:\/\/calftel.com\/wp-content\/uploads\/2021\/05\/Feature_vents_opt.jpg 800w, https:\/\/calftel.com\/wp-content\/uploads\/2021\/05\/Feature_vents_opt-300x200.jpg 300w, https:\/\/calftel.com\/wp-content\/uploads\/2021\/05\/Feature_vents_opt-768x512.jpg 768w\" sizes=\"auto, (max-width: 640px) 100vw, 640px\" \/><\/div>\n                        <div class=\"content\">\n                            <!-- <h3>Paneles de ventilaci\u00f3n ajustables opcionales<\/h3> -->\n                            <div class=\"excerpt\"><!-- wp:heading {\"level\":3,\"translatedWithWPMLTM\":\"1\"} -->\n<h3>ventilaci\u00f3n ajustables opcionales<\/h3>\n<!-- \/wp:heading --><!-- wp:paragraph {\"translatedWithWPMLTM\":\"1\"} -->\n<p>Las ventanas en los lados del panel le permiten encontrar el equilibrio perfecto entre el flujo de aire y la retenci\u00f3n del calor.<\/p>\n<!-- \/wp:paragraph --><\/div>\n                        <\/div>\n                    <\/div>\n                                    <div class=\"features-row\">\n                        <div class=\"thumbnail\"><img loading=\"lazy\" decoding=\"async\" width=\"640\" height=\"503\" src=\"https:\/\/calftel.com\/wp-content\/uploads\/2021\/05\/Feature6-1024x805.jpg\" class=\"attachment-large size-large wp-post-image\" alt=\"\" srcset=\"https:\/\/calftel.com\/wp-content\/uploads\/2021\/05\/Feature6-1024x805.jpg 1024w, https:\/\/calftel.com\/wp-content\/uploads\/2021\/05\/Feature6-300x236.jpg 300w, https:\/\/calftel.com\/wp-content\/uploads\/2021\/05\/Feature6-768x604.jpg 768w, https:\/\/calftel.com\/wp-content\/uploads\/2021\/05\/Feature6-1536x1208.jpg 1536w, https:\/\/calftel.com\/wp-content\/uploads\/2021\/05\/Feature6-2048x1611.jpg 2048w\" sizes=\"auto, (max-width: 640px) 100vw, 640px\" \/><\/div>\n                        <div class=\"content\">\n                            <!-- <h3>Varillas en L-Para panel<\/h3> -->\n                            <div class=\"excerpt\"><!-- wp:heading {\"level\":3,\"translatedWithWPMLTM\":\"1\"} -->\n<h3>Varillas en L<\/h3>\n<!-- \/wp:heading --><!-- wp:paragraph {\"translatedWithWPMLTM\":\"1\"} -->\n<p>Resistente y f\u00e1cil de usar para un r\u00e1pido montaje y desmontaje.<\/p>\n<!-- \/wp:paragraph --><\/div>\n                        <\/div>\n                    <\/div>\n                                    <div class=\"features-row\">\n                        <div class=\"thumbnail\"><img loading=\"lazy\" decoding=\"async\" width=\"1\" height=\"1\" src=\"https:\/\/calftel.com\/wp-content\/uploads\/2021\/05\/Pen_Standard-Back.jpg\" class=\"attachment-large size-large wp-post-image\" alt=\"\" \/><\/div>\n                        <div class=\"content\">\n                            <!-- <h3>Panel posterior est\u00e1ndar<\/h3> -->\n                            <div class=\"excerpt\"><!-- wp:heading {\"level\":3,\"translatedWithWPMLTM\":\"1\"} -->\n<h3>Panel posterior est\u00e1ndar<\/h3>\n<!-- \/wp:heading --><!-- wp:paragraph {\"translatedWithWPMLTM\":\"1\"} -->\n<p>Panel posterior est\u00e1ndar con ventilaci\u00f3n b\u00e1sica. Cuando se configuran corrales de becerros uno detr\u00e1s del otro, se deben utilizar los paneles posteriores est\u00e1ndar.<\/p>\n<!-- \/wp:paragraph --><\/div>\n                        <\/div>\n                    <\/div>\n                                <\/div>\n            <\/div><div id=accessories-associated-listing-block_6070b6bd72643 class=\"block-accessories-associated-listing alignfull\">\n    <div class=\"header\">\n        \n\n<h2 class=\"card-heading wp-block-heading\">Accesorios relacionados<\/h2>\n\n\n    <\/div>\n\n        <\/div>","protected":false},"excerpt":{"rendered":"<p>M\u00e1s peque\u00f1o que nuestro corral para becerros est\u00e1ndar para una mayor adaptabilidad y ahorro de costos.<\/p>\n","protected":false},"featured_media":13434,"template":"","series":[172],"class_list":["post-9190","product","type-product","status-publish","has-post-thumbnail","hentry","series-serie-i-es"],"acf":[],"yoast_head":"<!-- This site is optimized with the Yoast SEO plugin v27.4 - https:\/\/yoast.com\/product\/yoast-seo-wordpress\/ -->\n<title>16 | 44 (Paneles de Maternidad) - Calf-Tel<\/title>\n<meta name=\"robots\" content=\"index, follow, max-snippet:-1, max-image-preview:large, max-video-preview:-1\" \/>\n<link rel=\"canonical\" href=\"https:\/\/calftel.com\/es\/product\/serie-i-es\/16-44-paneles-de-maternidad\/\" \/>\n<meta property=\"og:locale\" content=\"es_ES\" \/>\n<meta property=\"og:type\" content=\"article\" \/>\n<meta property=\"og:title\" content=\"16 | 44 (Paneles de Maternidad) - Calf-Tel\" \/>\n<meta property=\"og:description\" content=\"M\u00e1s peque\u00f1o que nuestro corral para becerros est\u00e1ndar para una mayor adaptabilidad y ahorro de costos.\" \/>\n<meta property=\"og:url\" content=\"https:\/\/calftel.com\/es\/product\/serie-i-es\/16-44-paneles-de-maternidad\/\" \/>\n<meta property=\"og:site_name\" content=\"Calf-Tel\" \/>\n<meta property=\"article:publisher\" content=\"https:\/\/www.facebook.com\/calftel\/\" \/>\n<meta property=\"article:modified_time\" content=\"2021-10-18T12:48:09+00:00\" \/>\n<meta property=\"og:image\" content=\"https:\/\/calftel.com\/wp-content\/uploads\/2021\/03\/16_44-Window_Open.png\" \/>\n\t<meta property=\"og:image:width\" content=\"6240\" \/>\n\t<meta property=\"og:image:height\" content=\"4160\" \/>\n\t<meta property=\"og:image:type\" content=\"image\/png\" \/>\n<meta name=\"twitter:card\" content=\"summary_large_image\" \/>\n<meta name=\"twitter:label1\" content=\"Tiempo de lectura\" \/>\n\t<meta name=\"twitter:data1\" content=\"1 minuto\" \/>\n<script type=\"application\/ld+json\" class=\"yoast-schema-graph\">{\"@context\":\"https:\\\/\\\/schema.org\",\"@graph\":[{\"@type\":[\"WebPage\",\"ItemPage\"],\"@id\":\"https:\\\/\\\/calftel.com\\\/es\\\/product\\\/serie-i-es\\\/16-44-paneles-de-maternidad\\\/\",\"url\":\"https:\\\/\\\/calftel.com\\\/es\\\/product\\\/serie-i-es\\\/16-44-paneles-de-maternidad\\\/\",\"name\":\"16 | 44 (Paneles de Maternidad) - Calf-Tel\",\"isPartOf\":{\"@id\":\"https:\\\/\\\/calftel.com\\\/es\\\/#website\"},\"primaryImageOfPage\":{\"@id\":\"https:\\\/\\\/calftel.com\\\/es\\\/product\\\/serie-i-es\\\/16-44-paneles-de-maternidad\\\/#primaryimage\"},\"image\":{\"@id\":\"https:\\\/\\\/calftel.com\\\/es\\\/product\\\/serie-i-es\\\/16-44-paneles-de-maternidad\\\/#primaryimage\"},\"thumbnailUrl\":\"https:\\\/\\\/calftel.com\\\/wp-content\\\/uploads\\\/2021\\\/03\\\/16-44Window_Open_rs.png\",\"datePublished\":\"2021-09-01T18:46:35+00:00\",\"dateModified\":\"2021-10-18T12:48:09+00:00\",\"breadcrumb\":{\"@id\":\"https:\\\/\\\/calftel.com\\\/es\\\/product\\\/serie-i-es\\\/16-44-paneles-de-maternidad\\\/#breadcrumb\"},\"inLanguage\":\"es\",\"potentialAction\":[{\"@type\":\"ReadAction\",\"target\":[\"https:\\\/\\\/calftel.com\\\/es\\\/product\\\/serie-i-es\\\/16-44-paneles-de-maternidad\\\/\"]}]},{\"@type\":\"ImageObject\",\"inLanguage\":\"es\",\"@id\":\"https:\\\/\\\/calftel.com\\\/es\\\/product\\\/serie-i-es\\\/16-44-paneles-de-maternidad\\\/#primaryimage\",\"url\":\"https:\\\/\\\/calftel.com\\\/wp-content\\\/uploads\\\/2021\\\/03\\\/16-44Window_Open_rs.png\",\"contentUrl\":\"https:\\\/\\\/calftel.com\\\/wp-content\\\/uploads\\\/2021\\\/03\\\/16-44Window_Open_rs.png\",\"width\":812,\"height\":698},{\"@type\":\"BreadcrumbList\",\"@id\":\"https:\\\/\\\/calftel.com\\\/es\\\/product\\\/serie-i-es\\\/16-44-paneles-de-maternidad\\\/#breadcrumb\",\"itemListElement\":[{\"@type\":\"ListItem\",\"position\":1,\"name\":\"Home\",\"item\":\"https:\\\/\\\/calftel.com\\\/es\\\/\"},{\"@type\":\"ListItem\",\"position\":2,\"name\":\"Serie-I\",\"item\":\"https:\\\/\\\/calftel.com\\\/es\\\/series\\\/serie-i-es\\\/\"},{\"@type\":\"ListItem\",\"position\":3,\"name\":\"16 | 44 (Paneles de Maternidad)\"}]},{\"@type\":\"WebSite\",\"@id\":\"https:\\\/\\\/calftel.com\\\/es\\\/#website\",\"url\":\"https:\\\/\\\/calftel.com\\\/es\\\/\",\"name\":\"Calf-Tel\",\"description\":\"Calf Hutch Experts\",\"publisher\":{\"@id\":\"https:\\\/\\\/calftel.com\\\/es\\\/#organization\"},\"potentialAction\":[{\"@type\":\"SearchAction\",\"target\":{\"@type\":\"EntryPoint\",\"urlTemplate\":\"https:\\\/\\\/calftel.com\\\/es\\\/?s={search_term_string}\"},\"query-input\":{\"@type\":\"PropertyValueSpecification\",\"valueRequired\":true,\"valueName\":\"search_term_string\"}}],\"inLanguage\":\"es\"},{\"@type\":\"Organization\",\"@id\":\"https:\\\/\\\/calftel.com\\\/es\\\/#organization\",\"name\":\"Calf-Tel by Hampel\",\"url\":\"https:\\\/\\\/calftel.com\\\/es\\\/\",\"logo\":{\"@type\":\"ImageObject\",\"inLanguage\":\"es\",\"@id\":\"https:\\\/\\\/calftel.com\\\/es\\\/#\\\/schema\\\/logo\\\/image\\\/\",\"url\":\"https:\\\/\\\/calftel.com\\\/wp-content\\\/uploads\\\/2021\\\/11\\\/Hampels-CalfTel-USA-EST-1981-Color.png\",\"contentUrl\":\"https:\\\/\\\/calftel.com\\\/wp-content\\\/uploads\\\/2021\\\/11\\\/Hampels-CalfTel-USA-EST-1981-Color.png\",\"width\":1080,\"height\":516,\"caption\":\"Calf-Tel by Hampel\"},\"image\":{\"@id\":\"https:\\\/\\\/calftel.com\\\/es\\\/#\\\/schema\\\/logo\\\/image\\\/\"},\"sameAs\":[\"https:\\\/\\\/www.facebook.com\\\/calftel\\\/\",\"https:\\\/\\\/www.instagram.com\\\/calftel\\\/\",\"https:\\\/\\\/linkedin.com\\\/company\\\/calf-tel\\\/\",\"https:\\\/\\\/www.youtube.com\\\/channel\\\/UCq73euoWhx5k1kOjHBHXM_g\"]}]}<\/script>\n<!-- \/ Yoast SEO plugin. -->","yoast_head_json":{"title":"16 | 44 (Paneles de Maternidad) - Calf-Tel","robots":{"index":"index","follow":"follow","max-snippet":"max-snippet:-1","max-image-preview":"max-image-preview:large","max-video-preview":"max-video-preview:-1"},"canonical":"https:\/\/calftel.com\/es\/product\/serie-i-es\/16-44-paneles-de-maternidad\/","og_locale":"es_ES","og_type":"article","og_title":"16 | 44 (Paneles de Maternidad) - Calf-Tel","og_description":"M\u00e1s peque\u00f1o que nuestro corral para becerros est\u00e1ndar para una mayor adaptabilidad y ahorro de costos.","og_url":"https:\/\/calftel.com\/es\/product\/serie-i-es\/16-44-paneles-de-maternidad\/","og_site_name":"Calf-Tel","article_publisher":"https:\/\/www.facebook.com\/calftel\/","article_modified_time":"2021-10-18T12:48:09+00:00","og_image":[{"width":6240,"height":4160,"url":"https:\/\/calftel.com\/wp-content\/uploads\/2021\/03\/16_44-Window_Open.png","type":"image\/png"}],"twitter_card":"summary_large_image","twitter_misc":{"Tiempo de lectura":"1 minuto"},"schema":{"@context":"https:\/\/schema.org","@graph":[{"@type":["WebPage","ItemPage"],"@id":"https:\/\/calftel.com\/es\/product\/serie-i-es\/16-44-paneles-de-maternidad\/","url":"https:\/\/calftel.com\/es\/product\/serie-i-es\/16-44-paneles-de-maternidad\/","name":"16 | 44 (Paneles de Maternidad) - Calf-Tel","isPartOf":{"@id":"https:\/\/calftel.com\/es\/#website"},"primaryImageOfPage":{"@id":"https:\/\/calftel.com\/es\/product\/serie-i-es\/16-44-paneles-de-maternidad\/#primaryimage"},"image":{"@id":"https:\/\/calftel.com\/es\/product\/serie-i-es\/16-44-paneles-de-maternidad\/#primaryimage"},"thumbnailUrl":"https:\/\/calftel.com\/wp-content\/uploads\/2021\/03\/16-44Window_Open_rs.png","datePublished":"2021-09-01T18:46:35+00:00","dateModified":"2021-10-18T12:48:09+00:00","breadcrumb":{"@id":"https:\/\/calftel.com\/es\/product\/serie-i-es\/16-44-paneles-de-maternidad\/#breadcrumb"},"inLanguage":"es","potentialAction":[{"@type":"ReadAction","target":["https:\/\/calftel.com\/es\/product\/serie-i-es\/16-44-paneles-de-maternidad\/"]}]},{"@type":"ImageObject","inLanguage":"es","@id":"https:\/\/calftel.com\/es\/product\/serie-i-es\/16-44-paneles-de-maternidad\/#primaryimage","url":"https:\/\/calftel.com\/wp-content\/uploads\/2021\/03\/16-44Window_Open_rs.png","contentUrl":"https:\/\/calftel.com\/wp-content\/uploads\/2021\/03\/16-44Window_Open_rs.png","width":812,"height":698},{"@type":"BreadcrumbList","@id":"https:\/\/calftel.com\/es\/product\/serie-i-es\/16-44-paneles-de-maternidad\/#breadcrumb","itemListElement":[{"@type":"ListItem","position":1,"name":"Home","item":"https:\/\/calftel.com\/es\/"},{"@type":"ListItem","position":2,"name":"Serie-I","item":"https:\/\/calftel.com\/es\/series\/serie-i-es\/"},{"@type":"ListItem","position":3,"name":"16 | 44 (Paneles de Maternidad)"}]},{"@type":"WebSite","@id":"https:\/\/calftel.com\/es\/#website","url":"https:\/\/calftel.com\/es\/","name":"Calf-Tel","description":"Calf Hutch Experts","publisher":{"@id":"https:\/\/calftel.com\/es\/#organization"},"potentialAction":[{"@type":"SearchAction","target":{"@type":"EntryPoint","urlTemplate":"https:\/\/calftel.com\/es\/?s={search_term_string}"},"query-input":{"@type":"PropertyValueSpecification","valueRequired":true,"valueName":"search_term_string"}}],"inLanguage":"es"},{"@type":"Organization","@id":"https:\/\/calftel.com\/es\/#organization","name":"Calf-Tel by Hampel","url":"https:\/\/calftel.com\/es\/","logo":{"@type":"ImageObject","inLanguage":"es","@id":"https:\/\/calftel.com\/es\/#\/schema\/logo\/image\/","url":"https:\/\/calftel.com\/wp-content\/uploads\/2021\/11\/Hampels-CalfTel-USA-EST-1981-Color.png","contentUrl":"https:\/\/calftel.com\/wp-content\/uploads\/2021\/11\/Hampels-CalfTel-USA-EST-1981-Color.png","width":1080,"height":516,"caption":"Calf-Tel by Hampel"},"image":{"@id":"https:\/\/calftel.com\/es\/#\/schema\/logo\/image\/"},"sameAs":["https:\/\/www.facebook.com\/calftel\/","https:\/\/www.instagram.com\/calftel\/","https:\/\/linkedin.com\/company\/calf-tel\/","https:\/\/www.youtube.com\/channel\/UCq73euoWhx5k1kOjHBHXM_g"]}]}},"_links":{"self":[{"href":"https:\/\/calftel.com\/es\/wp-json\/wp\/v2\/product\/9190","targetHints":{"allow":["GET"]}}],"collection":[{"href":"https:\/\/calftel.com\/es\/wp-json\/wp\/v2\/product"}],"about":[{"href":"https:\/\/calftel.com\/es\/wp-json\/wp\/v2\/types\/product"}],"wp:featuredmedia":[{"embeddable":true,"href":"https:\/\/calftel.com\/es\/wp-json\/wp\/v2\/media\/13434"}],"wp:attachment":[{"href":"https:\/\/calftel.com\/es\/wp-json\/wp\/v2\/media?parent=9190"}],"wp:term":[{"taxonomy":"series","embeddable":true,"href":"https:\/\/calftel.com\/es\/wp-json\/wp\/v2\/series?post=9190"}],"curies":[{"name":"wp","href":"https:\/\/api.w.org\/{rel}","templated":true}]}}